{"id":287,"date":"2019-11-13T21:09:04","date_gmt":"2019-11-13T21:09:04","guid":{"rendered":"http:\/\/wordpress.familienkonzerte.info\/?page_id=287"},"modified":"2019-12-07T18:14:35","modified_gmt":"2019-12-07T18:14:35","slug":"geburtstagsfeier-bei-mozarts","status":"publish","type":"page","link":"https:\/\/familienkonzerte.info\/?page_id=287","title":{"rendered":"Geburtstagsfeier bei Mozarts (Leopold Mozart zum 300. Geburtstag)"},"content":{"rendered":"\n<h3 class=\"wp-block-heading\">Konzept und Moderation: Dr. Ulrike Schwanse<\/h3>\n\n\n\n<h3 class=\"wp-block-heading\">Regie: Anja Sch\u00f6ne, Jannica H\u00fcmbert<\/h3>\n\n\n\n<p>\nWillkommen zur gro\u00dfen Geburtstagsparty! Der \u201e300.\u201c von Vater Leopold \nmuss richtig gefeiert werden! Pauken und Trompeten er\u00f6ffnen das gro\u00dfe \nFamilienfest mit allen Mitgliedern der Musikerfamilien. Auch die kleinen\n und gro\u00dfen Zuh\u00f6rerinnen und Zuh\u00f6rer sind herzlich eingeladen. Die \nKonzertp\u00e4dagogin Anna Maria (Ulrike Schwanse) bereitet ganz aufgeregt \neine Geburtstagsrede f\u00fcr den Ehrengast Leopold Mozart vor. Da taucht \npl\u00f6tzlich ein Wunderkind auf\u2026 \n\n<\/p>\n\n\n\n<ul class=\"wp-block-gallery columns-3 is-cropped wp-block-gallery-1 is-layout-flex wp-block-gallery-is-layout-flex\"><li class=\"blocks-gallery-item\"><figure><img loading=\"lazy\" decoding=\"async\" width=\"1024\" height=\"684\" src=\"https:\/\/familienkonzerte.info\/wp-content\/uploads\/2019\/11\/FK-Mozart-19-11-10-DSC_9886-1024x684.jpg\" alt=\"\" data-id=\"291\" data-link=\"https:\/\/familienkonzerte.info\/?attachment_id=291\" class=\"wp-image-291\" srcset=\"https:\/\/familienkonzerte.info\/wp-content\/uploads\/2019\/11\/FK-Mozart-19-11-10-DSC_9886-1024x684.jpg 1024w, https:\/\/familienkonzerte.info\/wp-content\/uploads\/2019\/11\/FK-Mozart-19-11-10-DSC_9886-300x200.jpg 300w, https:\/\/familienkonzerte.info\/wp-content\/uploads\/2019\/11\/FK-Mozart-19-11-10-DSC_9886-768x513.jpg 768w\" sizes=\"auto, (max-width: 767px) 89vw, (max-width: 1000px) 54vw, (max-width: 1071px) 543px, 580px\" \/><\/figure><\/li><li class=\"blocks-gallery-item\"><figure><img loading=\"lazy\" decoding=\"async\" width=\"1024\" height=\"594\" src=\"https:\/\/familienkonzerte.info\/wp-content\/uploads\/2019\/11\/FK-Mozart-19-11-10-DSC_9896-1024x594.jpg\" alt=\"\" data-id=\"293\" data-link=\"https:\/\/familienkonzerte.info\/?attachment_id=293\" class=\"wp-image-293\" srcset=\"https:\/\/familienkonzerte.info\/wp-content\/uploads\/2019\/11\/FK-Mozart-19-11-10-DSC_9896-1024x594.jpg 1024w, https:\/\/familienkonzerte.info\/wp-content\/uploads\/2019\/11\/FK-Mozart-19-11-10-DSC_9896-300x174.jpg 300w, https:\/\/familienkonzerte.info\/wp-content\/uploads\/2019\/11\/FK-Mozart-19-11-10-DSC_9896-768x446.jpg 768w, https:\/\/familienkonzerte.info\/wp-content\/uploads\/2019\/11\/FK-Mozart-19-11-10-DSC_9896.jpg 1616w\" sizes=\"auto, (max-width: 767px) 89vw, (max-width: 1000px) 54vw, (max-width: 1071px) 543px, 580px\" \/><\/figure><\/li><li class=\"blocks-gallery-item\"><figure><img loading=\"lazy\" decoding=\"async\" width=\"1024\" height=\"817\" src=\"https:\/\/familienkonzerte.info\/wp-content\/uploads\/2019\/11\/FK-Mozart-19-11-10-DSC_9920-1024x817.jpg\" alt=\"\" data-id=\"296\" data-link=\"https:\/\/familienkonzerte.info\/?attachment_id=296\" class=\"wp-image-296\" srcset=\"https:\/\/familienkonzerte.info\/wp-content\/uploads\/2019\/11\/FK-Mozart-19-11-10-DSC_9920-1024x817.jpg 1024w, https:\/\/familienkonzerte.info\/wp-content\/uploads\/2019\/11\/FK-Mozart-19-11-10-DSC_9920-300x239.jpg 300w, https:\/\/familienkonzerte.info\/wp-content\/uploads\/2019\/11\/FK-Mozart-19-11-10-DSC_9920-768x613.jpg 768w, https:\/\/familienkonzerte.info\/wp-content\/uploads\/2019\/11\/FK-Mozart-19-11-10-DSC_9920.jpg 1869w\" sizes=\"auto, (max-width: 767px) 89vw, (max-width: 1000px) 54vw, (max-width: 1071px) 543px, 580px\" \/><\/figure><\/li><li class=\"blocks-gallery-item\"><figure><img loading=\"lazy\" decoding=\"async\" width=\"1024\" height=\"795\" src=\"https:\/\/familienkonzerte.info\/wp-content\/uploads\/2019\/11\/FK-Mozart-19-11-10-DSC_9952-1024x795.jpg\" alt=\"\" data-id=\"301\" data-link=\"https:\/\/familienkonzerte.info\/?attachment_id=301\" class=\"wp-image-301\" srcset=\"https:\/\/familienkonzerte.info\/wp-content\/uploads\/2019\/11\/FK-Mozart-19-11-10-DSC_9952-1024x795.jpg 1024w, https:\/\/familienkonzerte.info\/wp-content\/uploads\/2019\/11\/FK-Mozart-19-11-10-DSC_9952-300x233.jpg 300w, https:\/\/familienkonzerte.info\/wp-content\/uploads\/2019\/11\/FK-Mozart-19-11-10-DSC_9952-768x596.jpg 768w, https:\/\/familienkonzerte.info\/wp-content\/uploads\/2019\/11\/FK-Mozart-19-11-10-DSC_9952.jpg 1247w\" sizes=\"auto, (max-width: 767px) 89vw, (max-width: 1000px) 54vw, (max-width: 1071px) 543px, 580px\" \/><\/figure><\/li><li class=\"blocks-gallery-item\"><figure><img loading=\"lazy\" decoding=\"async\" width=\"1024\" height=\"684\" src=\"https:\/\/familienkonzerte.info\/wp-content\/uploads\/2019\/11\/FK-Mozart-19-11-10-DSC_9960-1024x684.jpg\" alt=\"\" data-id=\"302\" data-link=\"https:\/\/familienkonzerte.info\/?attachment_id=302\" class=\"wp-image-302\" srcset=\"https:\/\/familienkonzerte.info\/wp-content\/uploads\/2019\/11\/FK-Mozart-19-11-10-DSC_9960-1024x684.jpg 1024w, https:\/\/familienkonzerte.info\/wp-content\/uploads\/2019\/11\/FK-Mozart-19-11-10-DSC_9960-300x200.jpg 300w, https:\/\/familienkonzerte.info\/wp-content\/uploads\/2019\/11\/FK-Mozart-19-11-10-DSC_9960-768x513.jpg 768w\" sizes=\"auto, (max-width: 767px) 89vw, (max-width: 1000px) 54vw, (max-width: 1071px) 543px, 580px\" \/><\/figure><\/li><\/ul>\n\n\n\n<p><strong>PartnerEssen:<\/strong><br>Orchester: <a href=\"http:\/\/www.eso.uni-due.de\/\">Essener Studentenorchester<\/a> (Leitung:  Johannes Witt), <br>Muchtar Al Ghusain  (Schirmherr) <\/p>\n\n\n\n<figure class=\"wp-block-image\"><img loading=\"lazy\" decoding=\"async\" width=\"1024\" height=\"693\" src=\"https:\/\/familienkonzerte.info\/wp-content\/uploads\/2019\/11\/FK-Mozart-19-11-16-10-DSC_0009-1024x693.jpg\" alt=\"\" class=\"wp-image-318\" srcset=\"https:\/\/familienkonzerte.info\/wp-content\/uploads\/2019\/11\/FK-Mozart-19-11-16-10-DSC_0009-1024x693.jpg 1024w, https:\/\/familienkonzerte.info\/wp-content\/uploads\/2019\/11\/FK-Mozart-19-11-16-10-DSC_0009-300x203.jpg 300w, https:\/\/familienkonzerte.info\/wp-content\/uploads\/2019\/11\/FK-Mozart-19-11-16-10-DSC_0009-768x520.jpg 768w\" sizes=\"auto, (max-width: 767px) 89vw, (max-width: 1000px) 54vw, (max-width: 1071px) 543px, 580px\" \/><\/figure>\n\n\n\n<ul class=\"wp-block-gallery columns-3 is-cropped wp-block-gallery-2 is-layout-flex wp-block-gallery-is-layout-flex\"><li class=\"blocks-gallery-item\"><figure><img loading=\"lazy\" decoding=\"async\" width=\"1024\" height=\"684\" src=\"https:\/\/familienkonzerte.info\/wp-content\/uploads\/2019\/11\/FK-Mozart-19-11-16-10-DSC_9977-1024x684.jpg\" alt=\"\" data-id=\"322\" data-link=\"https:\/\/familienkonzerte.info\/?attachment_id=322\" class=\"wp-image-322\" srcset=\"https:\/\/familienkonzerte.info\/wp-content\/uploads\/2019\/11\/FK-Mozart-19-11-16-10-DSC_9977-1024x684.jpg 1024w, https:\/\/familienkonzerte.info\/wp-content\/uploads\/2019\/11\/FK-Mozart-19-11-16-10-DSC_9977-300x200.jpg 300w, https:\/\/familienkonzerte.info\/wp-content\/uploads\/2019\/11\/FK-Mozart-19-11-16-10-DSC_9977-768x513.jpg 768w\" sizes=\"auto, (max-width: 767px) 89vw, (max-width: 1000px) 54vw, (max-width: 1071px) 543px, 580px\" \/><\/figure><\/li><li class=\"blocks-gallery-item\"><figure><img loading=\"lazy\" decoding=\"async\" width=\"1024\" height=\"622\" src=\"https:\/\/familienkonzerte.info\/wp-content\/uploads\/2019\/11\/FK-Mozart-19-11-16-10-DSC_9987-1024x622.jpg\" alt=\"\" data-id=\"324\" data-link=\"https:\/\/familienkonzerte.info\/?attachment_id=324\" class=\"wp-image-324\" srcset=\"https:\/\/familienkonzerte.info\/wp-content\/uploads\/2019\/11\/FK-Mozart-19-11-16-10-DSC_9987-1024x622.jpg 1024w, https:\/\/familienkonzerte.info\/wp-content\/uploads\/2019\/11\/FK-Mozart-19-11-16-10-DSC_9987-300x182.jpg 300w, https:\/\/familienkonzerte.info\/wp-content\/uploads\/2019\/11\/FK-Mozart-19-11-16-10-DSC_9987-768x466.jpg 768w\" sizes=\"auto, (max-width: 767px) 89vw, (max-width: 1000px) 54vw, (max-width: 1071px) 543px, 580px\" \/><\/figure><\/li><li class=\"blocks-gallery-item\"><figure><img loading=\"lazy\" decoding=\"async\" width=\"1024\" height=\"476\" src=\"https:\/\/familienkonzerte.info\/wp-content\/uploads\/2019\/11\/FK-Mozart-19-11-16-10-DSC_0021-1024x476.jpg\" alt=\"\" data-id=\"319\" data-link=\"https:\/\/familienkonzerte.info\/?attachment_id=319\" class=\"wp-image-319\" srcset=\"https:\/\/familienkonzerte.info\/wp-content\/uploads\/2019\/11\/FK-Mozart-19-11-16-10-DSC_0021-1024x476.jpg 1024w, https:\/\/familienkonzerte.info\/wp-content\/uploads\/2019\/11\/FK-Mozart-19-11-16-10-DSC_0021-300x140.jpg 300w, https:\/\/familienkonzerte.info\/wp-content\/uploads\/2019\/11\/FK-Mozart-19-11-16-10-DSC_0021-768x357.jpg 768w\" sizes=\"auto, (max-width: 767px) 89vw, (max-width: 1000px) 54vw, (max-width: 1071px) 543px, 580px\" \/><\/figure><\/li><li class=\"blocks-gallery-item\"><figure><img loading=\"lazy\" decoding=\"async\" width=\"766\" height=\"1024\" src=\"https:\/\/familienkonzerte.info\/wp-content\/uploads\/2019\/11\/FK-Mozart-19-11-16-10-DSC_0031-766x1024.jpg\" alt=\"\" data-id=\"320\" data-link=\"https:\/\/familienkonzerte.info\/?attachment_id=320\" class=\"wp-image-320\" srcset=\"https:\/\/familienkonzerte.info\/wp-content\/uploads\/2019\/11\/FK-Mozart-19-11-16-10-DSC_0031-766x1024.jpg 766w, https:\/\/familienkonzerte.info\/wp-content\/uploads\/2019\/11\/FK-Mozart-19-11-16-10-DSC_0031-224x300.jpg 224w, https:\/\/familienkonzerte.info\/wp-content\/uploads\/2019\/11\/FK-Mozart-19-11-16-10-DSC_0031-768x1027.jpg 768w\" sizes=\"auto, (max-width: 706px) 89vw, (max-width: 767px) 82vw, 740px\" \/><\/figure><\/li><li class=\"blocks-gallery-item\"><figure><img loading=\"lazy\" decoding=\"async\" width=\"1024\" height=\"551\" src=\"https:\/\/familienkonzerte.info\/wp-content\/uploads\/2019\/11\/FK-Mozart-19-11-16-10-DSC_9999-1024x551.jpg\" alt=\"\" data-id=\"325\" data-link=\"https:\/\/familienkonzerte.info\/?attachment_id=325\" class=\"wp-image-325\" srcset=\"https:\/\/familienkonzerte.info\/wp-content\/uploads\/2019\/11\/FK-Mozart-19-11-16-10-DSC_9999-1024x551.jpg 1024w, https:\/\/familienkonzerte.info\/wp-content\/uploads\/2019\/11\/FK-Mozart-19-11-16-10-DSC_9999-300x161.jpg 300w, https:\/\/familienkonzerte.info\/wp-content\/uploads\/2019\/11\/FK-Mozart-19-11-16-10-DSC_9999-768x413.jpg 768w\" sizes=\"auto, (max-width: 767px) 89vw, (max-width: 1000px) 54vw, (max-width: 1071px) 543px, 580px\" \/><\/figure><\/li><li class=\"blocks-gallery-item\"><figure><img loading=\"lazy\" decoding=\"async\" width=\"1024\" height=\"622\" src=\"https:\/\/familienkonzerte.info\/wp-content\/uploads\/2019\/11\/FK-Mozart-19-11-16-10-DSC_0033-1024x622.jpg\" alt=\"\" data-id=\"321\" data-link=\"https:\/\/familienkonzerte.info\/?attachment_id=321\" class=\"wp-image-321\" srcset=\"https:\/\/familienkonzerte.info\/wp-content\/uploads\/2019\/11\/FK-Mozart-19-11-16-10-DSC_0033-1024x622.jpg 1024w, https:\/\/familienkonzerte.info\/wp-content\/uploads\/2019\/11\/FK-Mozart-19-11-16-10-DSC_0033-300x182.jpg 300w, https:\/\/familienkonzerte.info\/wp-content\/uploads\/2019\/11\/FK-Mozart-19-11-16-10-DSC_0033-768x466.jpg 768w\" sizes=\"auto, (max-width: 767px) 89vw, (max-width: 1000px) 54vw, (max-width: 1071px) 543px, 580px\" \/><\/figure><\/li><\/ul>\n\n\n\n<figure class=\"wp-block-image\"><img loading=\"lazy\" decoding=\"async\" width=\"913\" height=\"1024\" src=\"https:\/\/familienkonzerte.info\/wp-content\/uploads\/2019\/12\/2019_11_19-WAZ-913x1024.jpg\" alt=\"\" class=\"wp-image-338\" srcset=\"https:\/\/familienkonzerte.info\/wp-content\/uploads\/2019\/12\/2019_11_19-WAZ-913x1024.jpg 913w, https:\/\/familienkonzerte.info\/wp-content\/uploads\/2019\/12\/2019_11_19-WAZ-268x300.jpg 268w, https:\/\/familienkonzerte.info\/wp-content\/uploads\/2019\/12\/2019_11_19-WAZ-768x861.jpg 768w, https:\/\/familienkonzerte.info\/wp-content\/uploads\/2019\/12\/2019_11_19-WAZ.jpg 1156w\" sizes=\"auto, (max-width: 767px) 89vw, (max-width: 1000px) 54vw, (max-width: 1071px) 543px, 580px\" \/><figcaption>WAZ Essen 19.11.2019<\/figcaption><\/figure>\n\n\n\n<p><strong>Partner M\u00fclheim:<\/strong><br>Orchester: <a href=\"https:\/\/studentenorchester.de\/\">Studentenorchester M\u00fcnster<\/a> (Leitung: Cornelius During), <br>Mark Buchholz (Schirmherr)  <\/p>\n\n\n\n<figure class=\"wp-block-image\"><img loading=\"lazy\" decoding=\"async\" width=\"558\" height=\"1024\" src=\"https:\/\/familienkonzerte.info\/wp-content\/uploads\/2019\/12\/2019_11_25-NRZ-558x1024.jpg\" alt=\"\" class=\"wp-image-341\" srcset=\"https:\/\/familienkonzerte.info\/wp-content\/uploads\/2019\/12\/2019_11_25-NRZ-558x1024.jpg 558w, https:\/\/familienkonzerte.info\/wp-content\/uploads\/2019\/12\/2019_11_25-NRZ-163x300.jpg 163w, https:\/\/familienkonzerte.info\/wp-content\/uploads\/2019\/12\/2019_11_25-NRZ-768x1409.jpg 768w, https:\/\/familienkonzerte.info\/wp-content\/uploads\/2019\/12\/2019_11_25-NRZ.jpg 1862w\" sizes=\"auto, (max-width: 558px) 100vw, 558px\" \/><figcaption>NRZ M\u00fclheim 25.11.2019<\/figcaption><\/figure>\n\n\n\n<p><\/p>\n","protected":false},"excerpt":{"rendered":"<p>Konzept und Moderation: Dr. Ulrike Schwanse Regie: Anja Sch\u00f6ne, Jannica H\u00fcmbert Willkommen zur gro\u00dfen Geburtstagsparty! Der \u201e300.\u201c von Vater Leopold muss richtig gefeiert werden! Pauken und Trompeten er\u00f6ffnen das gro\u00dfe Familienfest mit allen Mitgliedern der Musikerfamilien. Auch die kleinen und gro\u00dfen Zuh\u00f6rerinnen und Zuh\u00f6rer sind herzlich eingeladen. Die Konzertp\u00e4dagogin Anna Maria (Ulrike Schwanse) bereitet ganz &hellip; <\/p>\n<p class=\"link-more\"><a href=\"https:\/\/familienkonzerte.info\/?page_id=287\" class=\"more-link\"><span class=\"screen-reader-text\">\u201eGeburtstagsfeier bei Mozarts (Leopold Mozart zum 300. Geburtstag)\u201c <\/span>weiterlesen<\/a><\/p>\n","protected":false},"author":1,"featured_media":306,"parent":40,"menu_order":0,"comment_status":"open","ping_status":"closed","template":"","meta":{"footnotes":""},"class_list":["post-287","page","type-page","status-publish","has-post-thumbnail","hentry"],"_links":{"self":[{"href":"https:\/\/familienkonzerte.info\/index.php?rest_route=\/wp\/v2\/pages\/287","targetHints":{"allow":["GET"]}}],"collection":[{"href":"https:\/\/familienkonzerte.info\/index.php?rest_route=\/wp\/v2\/pages"}],"about":[{"href":"https:\/\/familienkonzerte.info\/index.php?rest_route=\/wp\/v2\/types\/page"}],"author":[{"embeddable":true,"href":"https:\/\/familienkonzerte.info\/index.php?rest_route=\/wp\/v2\/users\/1"}],"replies":[{"embeddable":true,"href":"https:\/\/familienkonzerte.info\/index.php?rest_route=%2Fwp%2Fv2%2Fcomments&post=287"}],"version-history":[{"count":8,"href":"https:\/\/familienkonzerte.info\/index.php?rest_route=\/wp\/v2\/pages\/287\/revisions"}],"predecessor-version":[{"id":342,"href":"https:\/\/familienkonzerte.info\/index.php?rest_route=\/wp\/v2\/pages\/287\/revisions\/342"}],"up":[{"embeddable":true,"href":"https:\/\/familienkonzerte.info\/index.php?rest_route=\/wp\/v2\/pages\/40"}],"wp:featuredmedia":[{"embeddable":true,"href":"https:\/\/familienkonzerte.info\/index.php?rest_route=\/wp\/v2\/media\/306"}],"wp:attachment":[{"href":"https:\/\/familienkonzerte.info\/index.php?rest_route=%2Fwp%2Fv2%2Fmedia&parent=287"}],"curies":[{"name":"wp","href":"https:\/\/api.w.org\/{rel}","templated":true}]}}